{"id":630,"date":"2018-11-09T14:56:07","date_gmt":"2018-11-09T13:56:07","guid":{"rendered":"http:\/\/aux-4-coins-des-mots.fr\/?page_id=630"},"modified":"2026-01-18T13:50:19","modified_gmt":"2026-01-18T12:50:19","slug":"atelier-mixcite","status":"publish","type":"page","link":"https:\/\/aux-4-coins-des-mots.fr\/index.php\/atelier-mixcite\/","title":{"rendered":"ATELIER MixCit\u00e9"},"content":{"rendered":"\n<figure class=\"wp-block-image aligncenter size-full is-resized\"><img loading=\"lazy\" decoding=\"async\" width=\"684\" height=\"739\" src=\"https:\/\/aux-4-coins-des-mots.fr\/wp-content\/uploads\/2026\/01\/logo-mixcite-atelier.png\" alt=\"\" class=\"wp-image-3402\" style=\"aspect-ratio:0.9255805666092535;width:401px;height:auto\" srcset=\"https:\/\/aux-4-coins-des-mots.fr\/wp-content\/uploads\/2026\/01\/logo-mixcite-atelier.png 684w, https:\/\/aux-4-coins-des-mots.fr\/wp-content\/uploads\/2026\/01\/logo-mixcite-atelier-278x300.png 278w\" sizes=\"auto, (max-width: 684px) 100vw, 684px\" \/><\/figure>\n\n\n\n<h2 class=\"wp-block-heading has-inter-font-family\"><strong>ATELIER &#8211; MixCit\u00e9<\/strong><\/h2>\n\n\n<p><strong>ATELIERS THEMATIQUES :\u00a0<\/strong><\/p>\n<p>(SOUTIEN \u00e0 la MIXITE SOCIALE, CULTURELLE et FAMILIALE)<\/p>\n<p>L\u2019axe 1 \u00ab\u00a0<a href=\"http:\/\/aux-4-coins-des-mots.fr\/index.php\/mixcite\/\" target=\"_blank\" rel=\"noopener noreferrer\"><strong>MixCit\u00e9<\/strong><\/a> L.A.C.An. \u00bb s\u2019oriente au-del\u00e0 vers la formation d\u2019ateliers th\u00e9matiques (th\u00e8mes choisis en commun avec les participants) soutenus par la question des TROUBLES et SOUFFRANCES PSYCHIQUES articul\u00e9e aux questions de la mixit\u00e9 sociale, culturelle et familiale \u00e0 partir des singularit\u00e9s de chacun(e).\u00a0<\/p>\n<p><strong><u>Orientations<\/u><\/strong> : Partenaires associatifs (Animations de quartier, LAEP, RAM,\u2026), Services de droits communs, Centre socio-culturel et sportif&#8230;<\/p>\n<ul>\n<li>Capacit\u00e9 \u00e0 renforcer et pr\u00e9server les liens familiaux, ouverts sur la Cit\u00e9 ;<\/li>\n<li>Soutenir les initiatives des parents en tant qu\u2019acteurs de projets\u00a0;<\/li>\n<li>Soutien \u00e0 l\u2019\u00e9valuation de leurs propres projets ;<\/li>\n<li>D\u00e9velopper et renforcer la notion d\u2019engagement et de responsabilit\u00e9 ;<\/li>\n<li>Aptitudes \u00e0 la transversalit\u00e9 (interdisciplinarit\u00e9, multiculturalisme)<\/li>\n<li>1 s\u00e9ance <u>d\u2019Atelier Th\u00e9matique<\/u> mensuelle\u00a0: 01h30-2h00\n<ul>\n<li>choix de la th\u00e9matique par les acteurs eux-m\u00eames<\/li>\n<\/ul>\n<\/li>\n<li><u>Atelier<\/u> de r\u00e9flexion et de recherche <u>pluridisciplinaire<\/u> (parents + professionnels.)<\/li>\n<\/ul>\n<h5 style=\"text-align: left;\"><strong><em>N\u00eemes<\/em><\/strong><\/h5>\n<p>Au local associatif : <strong><em>R\u00e9sidence Le Baucis, 2 rue des amoureux 30000 N\u00eemes<\/em><\/strong> ou <em><strong>chez nos<\/strong><\/em> <em><strong>partenaires.<\/strong><\/em>\u00a0<\/p>\n\n\n<p><\/p>\n\n\n\n<p class=\"has-text-align-center\"><strong>Action subventionn\u00e9e par <\/strong><\/p>\n\n\n\n<figure class=\"wp-block-image aligncenter size-full is-resized\"><a href=\"https:\/\/www.gard.fr\/\" target=\"_blank\" rel=\" noreferrer noopener\"><img loading=\"lazy\" decoding=\"async\" width=\"1000\" height=\"1000\" src=\"https:\/\/aux-4-coins-des-mots.fr\/wp-content\/uploads\/2022\/03\/logo-gard-2021-cmjn-1000x1000-1.jpg\" alt=\"\" class=\"wp-image-1153\" style=\"width:111px;height:auto\" srcset=\"https:\/\/aux-4-coins-des-mots.fr\/wp-content\/uploads\/2022\/03\/logo-gard-2021-cmjn-1000x1000-1.jpg 1000w, https:\/\/aux-4-coins-des-mots.fr\/wp-content\/uploads\/2022\/03\/logo-gard-2021-cmjn-1000x1000-1-300x300.jpg 300w, https:\/\/aux-4-coins-des-mots.fr\/wp-content\/uploads\/2022\/03\/logo-gard-2021-cmjn-1000x1000-1-150x150.jpg 150w, https:\/\/aux-4-coins-des-mots.fr\/wp-content\/uploads\/2022\/03\/logo-gard-2021-cmjn-1000x1000-1-768x768.jpg 768w\" sizes=\"auto, (max-width: 1000px) 100vw, 1000px\" \/><\/a><figcaption class=\"wp-element-caption\"><strong>Service POLITIQUE de la VILLE<\/strong><\/figcaption><\/figure>\n\n\n\n<p><\/p>\n<div class=\"pvc_clear\"><\/div><p id=\"pvc_stats_630\" class=\"pvc_stats all  \" data-element-id=\"630\" style=\"\"><i class=\"pvc-stats-icon medium\" aria-hidden=\"true\"><svg aria-hidden=\"true\" focusable=\"false\" data-prefix=\"far\" data-icon=\"chart-bar\" role=\"img\" xmlns=\"http:\/\/www.w3.org\/2000\/svg\" viewBox=\"0 0 512 512\" class=\"svg-inline--fa fa-chart-bar fa-w-16 fa-2x\"><path fill=\"currentColor\" d=\"M396.8 352h22.4c6.4 0 12.8-6.4 12.8-12.8V108.8c0-6.4-6.4-12.8-12.8-12.8h-22.4c-6.4 0-12.8 6.4-12.8 12.8v230.4c0 6.4 6.4 12.8 12.8 12.8zm-192 0h22.4c6.4 0 12.8-6.4 12.8-12.8V140.8c0-6.4-6.4-12.8-12.8-12.8h-22.4c-6.4 0-12.8 6.4-12.8 12.8v198.4c0 6.4 6.4 12.8 12.8 12.8zm96 0h22.4c6.4 0 12.8-6.4 12.8-12.8V204.8c0-6.4-6.4-12.8-12.8-12.8h-22.4c-6.4 0-12.8 6.4-12.8 12.8v134.4c0 6.4 6.4 12.8 12.8 12.8zM496 400H48V80c0-8.84-7.16-16-16-16H16C7.16 64 0 71.16 0 80v336c0 17.67 14.33 32 32 32h464c8.84 0 16-7.16 16-16v-16c0-8.84-7.16-16-16-16zm-387.2-48h22.4c6.4 0 12.8-6.4 12.8-12.8v-70.4c0-6.4-6.4-12.8-12.8-12.8h-22.4c-6.4 0-12.8 6.4-12.8 12.8v70.4c0 6.4 6.4 12.8 12.8 12.8z\" class=\"\"><\/path><\/svg><\/i> <img loading=\"lazy\" decoding=\"async\" width=\"16\" height=\"16\" alt=\"Loading\" src=\"https:\/\/aux-4-coins-des-mots.fr\/wp-content\/plugins\/page-views-count\/ajax-loader-2x.gif\" border=0 \/><\/p><div class=\"pvc_clear\"><\/div>","protected":false},"excerpt":{"rendered":"<p>ATELIER &#8211; MixCit\u00e9 ATELIERS THEMATIQUES :\u00a0 (SOUTIEN \u00e0 la MIXITE SOCIALE, CULTURELLE et FAMILIALE) L\u2019axe 1 \u00ab\u00a0MixCit\u00e9 L.A.C.An. \u00bb s\u2019oriente au-del\u00e0 vers la formation d\u2019ateliers th\u00e9matiques (th\u00e8mes choisis en commun avec les participants) soutenus par la question des TROUBLES et SOUFFRANCES PSYCHIQUES articul\u00e9e aux questions de la mixit\u00e9 sociale, culturelle et familiale \u00e0 partir des [&hellip;]<\/p>\n<div class=\"pvc_clear\"><\/div>\n<p id=\"pvc_stats_630\" class=\"pvc_stats all  \" data-element-id=\"630\" style=\"\"><i class=\"pvc-stats-icon medium\" aria-hidden=\"true\"><svg aria-hidden=\"true\" focusable=\"false\" data-prefix=\"far\" data-icon=\"chart-bar\" role=\"img\" xmlns=\"http:\/\/www.w3.org\/2000\/svg\" viewBox=\"0 0 512 512\" class=\"svg-inline--fa fa-chart-bar fa-w-16 fa-2x\"><path fill=\"currentColor\" d=\"M396.8 352h22.4c6.4 0 12.8-6.4 12.8-12.8V108.8c0-6.4-6.4-12.8-12.8-12.8h-22.4c-6.4 0-12.8 6.4-12.8 12.8v230.4c0 6.4 6.4 12.8 12.8 12.8zm-192 0h22.4c6.4 0 12.8-6.4 12.8-12.8V140.8c0-6.4-6.4-12.8-12.8-12.8h-22.4c-6.4 0-12.8 6.4-12.8 12.8v198.4c0 6.4 6.4 12.8 12.8 12.8zm96 0h22.4c6.4 0 12.8-6.4 12.8-12.8V204.8c0-6.4-6.4-12.8-12.8-12.8h-22.4c-6.4 0-12.8 6.4-12.8 12.8v134.4c0 6.4 6.4 12.8 12.8 12.8zM496 400H48V80c0-8.84-7.16-16-16-16H16C7.16 64 0 71.16 0 80v336c0 17.67 14.33 32 32 32h464c8.84 0 16-7.16 16-16v-16c0-8.84-7.16-16-16-16zm-387.2-48h22.4c6.4 0 12.8-6.4 12.8-12.8v-70.4c0-6.4-6.4-12.8-12.8-12.8h-22.4c-6.4 0-12.8 6.4-12.8 12.8v70.4c0 6.4 6.4 12.8 12.8 12.8z\" class=\"\"><\/path><\/svg><\/i> <img loading=\"lazy\" decoding=\"async\" width=\"16\" height=\"16\" alt=\"Loading\" src=\"https:\/\/aux-4-coins-des-mots.fr\/wp-content\/plugins\/page-views-count\/ajax-loader-2x.gif\" border=0 \/><\/p>\n<div class=\"pvc_clear\"><\/div>\n","protected":false},"author":1,"featured_media":0,"parent":0,"menu_order":0,"comment_status":"closed","ping_status":"closed","template":"","meta":{"iawp_total_views":3,"footnotes":""},"class_list":["post-630","page","type-page","status-publish","hentry"],"a3_pvc":{"activated":true,"total_views":110,"today_views":0},"jetpack_sharing_enabled":true,"_links":{"self":[{"href":"https:\/\/aux-4-coins-des-mots.fr\/index.php\/wp-json\/wp\/v2\/pages\/630","targetHints":{"allow":["GET"]}}],"collection":[{"href":"https:\/\/aux-4-coins-des-mots.fr\/index.php\/wp-json\/wp\/v2\/pages"}],"about":[{"href":"https:\/\/aux-4-coins-des-mots.fr\/index.php\/wp-json\/wp\/v2\/types\/page"}],"author":[{"embeddable":true,"href":"https:\/\/aux-4-coins-des-mots.fr\/index.php\/wp-json\/wp\/v2\/users\/1"}],"replies":[{"embeddable":true,"href":"https:\/\/aux-4-coins-des-mots.fr\/index.php\/wp-json\/wp\/v2\/comments?post=630"}],"version-history":[{"count":40,"href":"https:\/\/aux-4-coins-des-mots.fr\/index.php\/wp-json\/wp\/v2\/pages\/630\/revisions"}],"predecessor-version":[{"id":3545,"href":"https:\/\/aux-4-coins-des-mots.fr\/index.php\/wp-json\/wp\/v2\/pages\/630\/revisions\/3545"}],"wp:attachment":[{"href":"https:\/\/aux-4-coins-des-mots.fr\/index.php\/wp-json\/wp\/v2\/media?parent=630"}],"curies":[{"name":"wp","href":"https:\/\/api.w.org\/{rel}","templated":true}]}}