{"id":1901,"date":"2024-12-07T12:53:09","date_gmt":"2024-12-07T11:53:09","guid":{"rendered":"https:\/\/aux-4-coins-des-mots.fr\/?page_id=1901"},"modified":"2026-01-18T14:04:15","modified_gmt":"2026-01-18T13:04:15","slug":"cycle-des-rencontres-debats","status":"publish","type":"page","link":"https:\/\/aux-4-coins-des-mots.fr\/index.php\/cycle-des-rencontres-debats\/","title":{"rendered":"CYCLE DES RENCONTRES DEBATS"},"content":{"rendered":"\n<p><\/p>\n\n\n\n<figure class=\"wp-block-image aligncenter size-large is-resized\"><img loading=\"lazy\" decoding=\"async\" width=\"1013\" height=\"1024\" src=\"https:\/\/aux-4-coins-des-mots.fr\/wp-content\/uploads\/2026\/01\/debats-1013x1024.png\" alt=\"\" class=\"wp-image-3419\" style=\"width:383px;height:auto\" srcset=\"https:\/\/aux-4-coins-des-mots.fr\/wp-content\/uploads\/2026\/01\/debats-1013x1024.png 1013w, https:\/\/aux-4-coins-des-mots.fr\/wp-content\/uploads\/2026\/01\/debats-297x300.png 297w, https:\/\/aux-4-coins-des-mots.fr\/wp-content\/uploads\/2026\/01\/debats-768x776.png 768w, https:\/\/aux-4-coins-des-mots.fr\/wp-content\/uploads\/2026\/01\/debats.png 1024w\" sizes=\"auto, (max-width: 1013px) 100vw, 1013px\" \/><\/figure>\n\n\n\n<h2 class=\"wp-block-heading has-text-align-left has-inter-font-family\">CONFERENCES, DEBATS &amp; interventions<\/h2>\n\n\n\n<h5 class=\"wp-block-heading has-text-align-center\">Interventions autour de la sant\u00e9 mentale, du lien social et de la vie dans les quartiers populaires.<\/h5>\n\n\n\n<h6 class=\"wp-block-heading has-text-align-center\">Intervention possible en lien avec un psychanalyste, un psychologue clinicien, un docteur en philosophie, des \u00e9ducateurs sp\u00e9cialis\u00e9s ou des b\u00e9n\u00e9voles.<\/h6>\n\n\n\n\n\n<figure class=\"wp-block-image aligncenter size-large is-resized\"><img loading=\"lazy\" decoding=\"async\" width=\"724\" height=\"1024\" src=\"https:\/\/aux-4-coins-des-mots.fr\/wp-content\/uploads\/2024\/12\/affiche-rencontre-fin-de-vie2.0_page-0001-724x1024.jpg\" alt=\"\" class=\"wp-image-1896\" style=\"width:382px;height:auto\" srcset=\"https:\/\/aux-4-coins-des-mots.fr\/wp-content\/uploads\/2024\/12\/affiche-rencontre-fin-de-vie2.0_page-0001-724x1024.jpg 724w, https:\/\/aux-4-coins-des-mots.fr\/wp-content\/uploads\/2024\/12\/affiche-rencontre-fin-de-vie2.0_page-0001-212x300.jpg 212w, https:\/\/aux-4-coins-des-mots.fr\/wp-content\/uploads\/2024\/12\/affiche-rencontre-fin-de-vie2.0_page-0001-768x1086.jpg 768w, https:\/\/aux-4-coins-des-mots.fr\/wp-content\/uploads\/2024\/12\/affiche-rencontre-fin-de-vie2.0_page-0001-1086x1536.jpg 1086w, https:\/\/aux-4-coins-des-mots.fr\/wp-content\/uploads\/2024\/12\/affiche-rencontre-fin-de-vie2.0_page-0001-1448x2048.jpg 1448w, https:\/\/aux-4-coins-des-mots.fr\/wp-content\/uploads\/2024\/12\/affiche-rencontre-fin-de-vie2.0_page-0001-scaled.jpg 1810w\" sizes=\"auto, (max-width: 724px) 100vw, 724px\" \/><figcaption class=\"wp-element-caption\"><strong>21 NOVEMBRE 2024<\/strong><\/figcaption><\/figure>\n\n\n\n<p>Le monde associatif, et par cons\u00e9quence celui du b\u00e9n\u00e9volat, est en train de vivre un bouleversement in\u00e9dit. Depuis quelques ann\u00e9es, il devient de plus en plus compliqu\u00e9 de recruter des b\u00e9n\u00e9voles, alors qu&rsquo;une autre forme d&rsquo;engagement voit le jour.<br>Les associations doivent s\u2019adapter \u00e0 des tendances de long terme qui s\u2019accentuent, telles que l\u2019engagement croissant des jeunes, le repli de leurs ai\u0302ne\u0301s, notamment des 65 ans et plus, des actions ponctuelles qui prennent le pas sur le be\u0301ne\u0301volat re\u0301gulier.<br>M\u00eame si les r\u00e9centes annonces gouvernementales citent avec insistance la n\u00e9cessit\u00e9 de privil\u00e9gier le monde associatif et le b\u00e9n\u00e9volat, force est de constater que les difficult\u00e9s financi\u00e8res du pays n\u2019incitent gu\u00e8re \u00e0 l\u2019optimisme\u2026 des restrictions budg\u00e9taires sont d\u2019ores et d\u00e9j\u00e0 envisag\u00e9es dans certains endroits.<\/p>\n\n\n\n<p class=\"has-text-align-right\">Jean-Michel DELSUC<\/p>\n\n\n\n<figure class=\"wp-block-image aligncenter size-large is-resized\"><img loading=\"lazy\" decoding=\"async\" width=\"724\" height=\"1024\" src=\"https:\/\/aux-4-coins-des-mots.fr\/wp-content\/uploads\/2025\/02\/affiche-rencontre-benevolat-delsuc-6-mars_page-0001-724x1024.jpg\" alt=\"\" class=\"wp-image-2295\" style=\"width:377px;height:auto\" srcset=\"https:\/\/aux-4-coins-des-mots.fr\/wp-content\/uploads\/2025\/02\/affiche-rencontre-benevolat-delsuc-6-mars_page-0001-724x1024.jpg 724w, https:\/\/aux-4-coins-des-mots.fr\/wp-content\/uploads\/2025\/02\/affiche-rencontre-benevolat-delsuc-6-mars_page-0001-212x300.jpg 212w, https:\/\/aux-4-coins-des-mots.fr\/wp-content\/uploads\/2025\/02\/affiche-rencontre-benevolat-delsuc-6-mars_page-0001-768x1086.jpg 768w, https:\/\/aux-4-coins-des-mots.fr\/wp-content\/uploads\/2025\/02\/affiche-rencontre-benevolat-delsuc-6-mars_page-0001-1086x1536.jpg 1086w, https:\/\/aux-4-coins-des-mots.fr\/wp-content\/uploads\/2025\/02\/affiche-rencontre-benevolat-delsuc-6-mars_page-0001.jpg 1241w\" sizes=\"auto, (max-width: 724px) 100vw, 724px\" \/><figcaption class=\"wp-element-caption\"><strong>6 mars 2025<\/strong><\/figcaption><\/figure>\n\n\n\n<div class=\"wp-block-buttons is-content-justification-center is-layout-flex wp-container-core-buttons-is-layout-a89b3969 wp-block-buttons-is-layout-flex\"><\/div>\n\n\n\n<figure class=\"wp-block-image aligncenter\" style=\"margin: 0 auto; max-width: 600px; width: 100%;\">\n  <a href=\"https:\/\/youtu.be\/VHPPvrWYPFk\" target=\"_blank\" rel=\"noopener\">\n    <img decoding=\"async\" \n      src=\"https:\/\/aux-4-coins-des-mots.fr\/wp-content\/uploads\/2025\/03\/screevidebenevolat.png\" \n      alt=\"S\u00e9bastien JANICKI &#038; Jean-Michel DELSUC\" \n      style=\"width: 100%; height: auto; display: block;\"\n    \/>\n  <\/a>\n  <figcaption class=\"wp-element-caption\" style=\"text-align: center; margin-top: 0.5em;\">\n    S\u00e9bastien JANICKI &amp; Jean-Michel DELSUC (pour voir la vid\u00e9o cliquez sur l&rsquo;image)\n  <\/figcaption>\n<\/figure>\n\n\n\n<div class=\"wp-block-columns is-layout-flex wp-container-core-columns-is-layout-28f84493 wp-block-columns-is-layout-flex\">\n<div class=\"wp-block-column is-layout-flow wp-block-column-is-layout-flow\" style=\"flex-basis:100%\">\n<p><strong>Quel b\u00e9n\u00e9volat pour demain ?<\/strong><br>De l\u2019entraide de l\u2019Antiquit\u00e9 au b\u00e9n\u00e9volat d\u2019aujourd\u2019hui, tel fut le th\u00e8me abord\u00e9 par Jean-Michel Delsuc lors de la conf\u00e9rence organis\u00e9e par l\u2019association \u00ab Aux 4 coins des mots \u00bb le 6 mars dernier.<br>Depuis des mill\u00e9naires les hommes se sont entraid\u00e9s sous diff\u00e9rentes formes : collegia romaines, guildes, actions caritatives, et enfin associations.<br>Si le monde associatif, en France, compte 1,5 million de structures, 20 millions de b\u00e9n\u00e9voles (70 000 associations se cr\u00e9ant tous les ans en France), c\u2019est un facteur \u00e9conomique, de coh\u00e9sion sociale et de solidarit\u00e9 ind\u00e9niable que nous devons \u00e0 tout prix conserver.<br>Jean-Michel Delsuc, vice-pr\u00e9sident de l\u2019APASS du Gard et ancien pr\u00e9sident de l\u2019Union Nationale des Association Interm\u00e9diaires, s\u2019inqui\u00e8te car si le secteur n\u2019est pas forc\u00e9ment en crise ouverte il convient de s\u2019interroger rapidement sur les causes de l&rsquo;\u00e9rosion des b\u00e9n\u00e9voles, notamment seniors dans les structures associatives.<br>Cette constatation inqui\u00e9tante s&rsquo;appuie sur des analyses concordantes qui font \u00e9tat d&rsquo;une perte significative des personnes de plus de 65 ans : elles \u00e9taient 40% en 2010 pour 20% en 2023 ! Pourtant ce sont tr\u00e8s souvent eux qui assurent la gouvernance des associations.<br>Si certaines raisons sont relativement bien connues (acc\u00e8s aux loisirs, recul de l&rsquo;\u00e2ge de la retraite, probl\u00e8mes de sant\u00e9 li\u00e9s au vieillissement,\u2026) d&rsquo;autres le sont moins comme les contraintes administratives et financi\u00e8res ou les recherches de financement de plus en plus difficiles.<\/p>\n<\/div>\n<\/div>\n\n\n\n<p><\/p>\n\n\n\n<p>Jean-Michel DELSUC estime que compte tenu des r\u00e9ductions drastiques des subventions, de la diminution de ces b\u00e9n\u00e9voles seniors, des changements de mentalit\u00e9, de l&rsquo;exigence des utilisateurs, le secteur associatif est, \u00e0 terme, en danger et va devoir changer de paradigme, trouver de nouvelles formes d&rsquo;actions, chercher de nouveaux partenaires et s&rsquo;adapter \u00e0 un monde de plus en plus agile et fluctuant (micro b\u00e9n\u00e9volat, t\u00e9l\u00e9 b\u00e9novolat, mutualisation de moyens, \u2026 tout en privil\u00e9giant la dimension citoyenne \u00e0 l&rsquo;offre mercantile.<br>Le b\u00e9n\u00e9volat facteur d\u2019int\u00e9gration c\u2019est une \u00e9cole d\u2019humilit\u00e9 et de don de soi qu\u2019il convient de transmettre aux plus jeunes.<br>Des pistes existent, le Conseil \u00c9conomique et Social et environnemental a d\u00e9j\u00e0 \u00e9mis des id\u00e9es, parfois reprises par une loi d\u2019avril 2024, il conviendrait de les appliquer dans leur int\u00e9gralit\u00e9.<\/p>\n<div class=\"pvc_clear\"><\/div><p id=\"pvc_stats_1901\" class=\"pvc_stats all  \" data-element-id=\"1901\" style=\"\"><i class=\"pvc-stats-icon medium\" aria-hidden=\"true\"><svg aria-hidden=\"true\" focusable=\"false\" data-prefix=\"far\" data-icon=\"chart-bar\" role=\"img\" xmlns=\"http:\/\/www.w3.org\/2000\/svg\" viewBox=\"0 0 512 512\" class=\"svg-inline--fa fa-chart-bar fa-w-16 fa-2x\"><path fill=\"currentColor\" d=\"M396.8 352h22.4c6.4 0 12.8-6.4 12.8-12.8V108.8c0-6.4-6.4-12.8-12.8-12.8h-22.4c-6.4 0-12.8 6.4-12.8 12.8v230.4c0 6.4 6.4 12.8 12.8 12.8zm-192 0h22.4c6.4 0 12.8-6.4 12.8-12.8V140.8c0-6.4-6.4-12.8-12.8-12.8h-22.4c-6.4 0-12.8 6.4-12.8 12.8v198.4c0 6.4 6.4 12.8 12.8 12.8zm96 0h22.4c6.4 0 12.8-6.4 12.8-12.8V204.8c0-6.4-6.4-12.8-12.8-12.8h-22.4c-6.4 0-12.8 6.4-12.8 12.8v134.4c0 6.4 6.4 12.8 12.8 12.8zM496 400H48V80c0-8.84-7.16-16-16-16H16C7.16 64 0 71.16 0 80v336c0 17.67 14.33 32 32 32h464c8.84 0 16-7.16 16-16v-16c0-8.84-7.16-16-16-16zm-387.2-48h22.4c6.4 0 12.8-6.4 12.8-12.8v-70.4c0-6.4-6.4-12.8-12.8-12.8h-22.4c-6.4 0-12.8 6.4-12.8 12.8v70.4c0 6.4 6.4 12.8 12.8 12.8z\" class=\"\"><\/path><\/svg><\/i> <img loading=\"lazy\" decoding=\"async\" width=\"16\" height=\"16\" alt=\"Loading\" src=\"https:\/\/aux-4-coins-des-mots.fr\/wp-content\/plugins\/page-views-count\/ajax-loader-2x.gif\" border=0 \/><\/p><div class=\"pvc_clear\"><\/div>","protected":false},"excerpt":{"rendered":"<p>CONFERENCES, DEBATS &amp; interventions Interventions autour de la sant\u00e9 mentale, du lien social et de la vie dans les quartiers populaires. Intervention possible en lien avec un psychanalyste, un psychologue clinicien, un docteur en philosophie, des \u00e9ducateurs sp\u00e9cialis\u00e9s ou des b\u00e9n\u00e9voles. Le monde associatif, et par cons\u00e9quence celui du b\u00e9n\u00e9volat, est en train de vivre [&hellip;]<\/p>\n<div class=\"pvc_clear\"><\/div>\n<p id=\"pvc_stats_1901\" class=\"pvc_stats all  \" data-element-id=\"1901\" style=\"\"><i class=\"pvc-stats-icon medium\" aria-hidden=\"true\"><svg aria-hidden=\"true\" focusable=\"false\" data-prefix=\"far\" data-icon=\"chart-bar\" role=\"img\" xmlns=\"http:\/\/www.w3.org\/2000\/svg\" viewBox=\"0 0 512 512\" class=\"svg-inline--fa fa-chart-bar fa-w-16 fa-2x\"><path fill=\"currentColor\" d=\"M396.8 352h22.4c6.4 0 12.8-6.4 12.8-12.8V108.8c0-6.4-6.4-12.8-12.8-12.8h-22.4c-6.4 0-12.8 6.4-12.8 12.8v230.4c0 6.4 6.4 12.8 12.8 12.8zm-192 0h22.4c6.4 0 12.8-6.4 12.8-12.8V140.8c0-6.4-6.4-12.8-12.8-12.8h-22.4c-6.4 0-12.8 6.4-12.8 12.8v198.4c0 6.4 6.4 12.8 12.8 12.8zm96 0h22.4c6.4 0 12.8-6.4 12.8-12.8V204.8c0-6.4-6.4-12.8-12.8-12.8h-22.4c-6.4 0-12.8 6.4-12.8 12.8v134.4c0 6.4 6.4 12.8 12.8 12.8zM496 400H48V80c0-8.84-7.16-16-16-16H16C7.16 64 0 71.16 0 80v336c0 17.67 14.33 32 32 32h464c8.84 0 16-7.16 16-16v-16c0-8.84-7.16-16-16-16zm-387.2-48h22.4c6.4 0 12.8-6.4 12.8-12.8v-70.4c0-6.4-6.4-12.8-12.8-12.8h-22.4c-6.4 0-12.8 6.4-12.8 12.8v70.4c0 6.4 6.4 12.8 12.8 12.8z\" class=\"\"><\/path><\/svg><\/i> <img loading=\"lazy\" decoding=\"async\" width=\"16\" height=\"16\" alt=\"Loading\" src=\"https:\/\/aux-4-coins-des-mots.fr\/wp-content\/plugins\/page-views-count\/ajax-loader-2x.gif\" border=0 \/><\/p>\n<div class=\"pvc_clear\"><\/div>\n","protected":false},"author":1,"featured_media":0,"parent":0,"menu_order":0,"comment_status":"closed","ping_status":"closed","template":"","meta":{"iawp_total_views":19,"footnotes":""},"class_list":["post-1901","page","type-page","status-publish","hentry"],"a3_pvc":{"activated":true,"total_views":99,"today_views":0},"jetpack_sharing_enabled":true,"_links":{"self":[{"href":"https:\/\/aux-4-coins-des-mots.fr\/index.php\/wp-json\/wp\/v2\/pages\/1901","targetHints":{"allow":["GET"]}}],"collection":[{"href":"https:\/\/aux-4-coins-des-mots.fr\/index.php\/wp-json\/wp\/v2\/pages"}],"about":[{"href":"https:\/\/aux-4-coins-des-mots.fr\/index.php\/wp-json\/wp\/v2\/types\/page"}],"author":[{"embeddable":true,"href":"https:\/\/aux-4-coins-des-mots.fr\/index.php\/wp-json\/wp\/v2\/users\/1"}],"replies":[{"embeddable":true,"href":"https:\/\/aux-4-coins-des-mots.fr\/index.php\/wp-json\/wp\/v2\/comments?post=1901"}],"version-history":[{"count":20,"href":"https:\/\/aux-4-coins-des-mots.fr\/index.php\/wp-json\/wp\/v2\/pages\/1901\/revisions"}],"predecessor-version":[{"id":3558,"href":"https:\/\/aux-4-coins-des-mots.fr\/index.php\/wp-json\/wp\/v2\/pages\/1901\/revisions\/3558"}],"wp:attachment":[{"href":"https:\/\/aux-4-coins-des-mots.fr\/index.php\/wp-json\/wp\/v2\/media?parent=1901"}],"curies":[{"name":"wp","href":"https:\/\/api.w.org\/{rel}","templated":true}]}}