{"id":1573,"date":"2024-06-02T18:06:32","date_gmt":"2024-06-02T16:06:32","guid":{"rendered":"https:\/\/aux-4-coins-des-mots.fr\/?page_id=1573"},"modified":"2026-01-05T12:32:36","modified_gmt":"2026-01-05T11:32:36","slug":"actualites-de-linconscient","status":"publish","type":"page","link":"https:\/\/aux-4-coins-des-mots.fr\/index.php\/actualites-de-linconscient\/","title":{"rendered":"ACTUALITES DE L&rsquo;INCONSCIENT"},"content":{"rendered":"\n<h2 class=\"wp-block-heading\">Mettons nous au travail ! <\/h2>\n\n\n\n<blockquote class=\"wp-block-quote has-text-align-right is-layout-flow wp-block-quote-is-layout-flow\">\n<p class=\"has-text-align-right has-white-color has-text-color has-background has-link-color has-medium-font-size wp-elements-4e0066972a46be351cfed07adffb7f6c\" style=\"background:linear-gradient(135deg,rgb(243,245,246) 0%,rgb(12,57,92) 100%)\">\u00ab\u00a0<em>H\u00e2tez-vous lentement, et, sans perdre courage,<br>Vingt fois&nbsp;sur le m\u00e9tier remettez&nbsp;votre ouvrage&nbsp;:<br>Polissez-le sans cesse et le repolissez<\/em>.\u00a0\u00bb<\/p>\n<cite>Nicolas Boileau,&nbsp;<em>L&rsquo;Art po\u00e9tique<\/em>, 1674<\/cite><\/blockquote>\n\n\n\n<p class=\"has-text-align-right\">\u00ab&nbsp;<em>L\u2019enseignement de la psychanalyse ne peut se transmettre d\u2019un sujet \u00e0 l\u2019autre que par les voies d\u2019un transfert de travail <\/em>\u00bb nous transmet Lacan.* <\/p>\n\n\n\n<p class=\"has-text-align-right\">*Lacan J., \u00ab&nbsp;Acte de fondation&nbsp;\u00bb,&nbsp;<em>Autres \u00e9crits<\/em>, Paris, Seuil, 2001, p. 236.<\/p>\n\n\n\n<h5 class=\"wp-block-heading has-text-align-left\">Au-del\u00e0 de l&rsquo;exp\u00e9rience, la psychanalyse vise la singularit\u00e9 et l&rsquo;invention face aux embrouilles des inhibitions, des sympt\u00f4mes et de l&rsquo;angoisse de chacun.  <\/h5>\n\n\n\n<h5 class=\"wp-block-heading has-text-align-left\">En cela, la psychanalyse est une exp\u00e9rience hors norme. Cette vis\u00e9e nous invite donc \u00e0 interroger et \u00e0 d\u00e9ranger tout savoir absolu qui tendrait \u00e0 fixer les choses sous des prescriptions normatives, des formules canoniques ou des st\u00e9r\u00e9otypes. <\/h5>\n\n\n\n<figure class=\"wp-block-image aligncenter size-full is-resized\"><img loading=\"lazy\" decoding=\"async\" width=\"1024\" height=\"1024\" src=\"https:\/\/aux-4-coins-des-mots.fr\/wp-content\/uploads\/2026\/01\/le-mot-HUGO.png\" alt=\"\" class=\"wp-image-3458\" style=\"width:632px;height:auto\" srcset=\"https:\/\/aux-4-coins-des-mots.fr\/wp-content\/uploads\/2026\/01\/le-mot-HUGO.png 1024w, https:\/\/aux-4-coins-des-mots.fr\/wp-content\/uploads\/2026\/01\/le-mot-HUGO-300x300.png 300w, https:\/\/aux-4-coins-des-mots.fr\/wp-content\/uploads\/2026\/01\/le-mot-HUGO-150x150.png 150w, https:\/\/aux-4-coins-des-mots.fr\/wp-content\/uploads\/2026\/01\/le-mot-HUGO-768x768.png 768w\" sizes=\"auto, (max-width: 1024px) 100vw, 1024px\" \/><\/figure>\n\n\n\n<figure class=\"wp-block-pullquote\"><blockquote><p>LE MOT<br><br>Jeunes gens, prenez garde aux choses que vous dites.<br>Tout peut sortir d&rsquo;un mot qu&rsquo;en passant vous perd\u00eetes.<br>Tout, la haine et le deuil ! \u2014\u00a0Et ne m&rsquo;objectez pas\u00a0<br>Que vos amis sont s\u00fbrs et que vous parlez bas&#8230;\u00a0\u2014<br>Ecoutez bien ceci :<br>T\u00eate-\u00e0-t\u00eate, en pantoufle,<br>Portes closes, chez vous, sans un t\u00e9moin qui souffle,<br>Vous dites \u00e0 l&rsquo;oreille au plus myst\u00e9rieux<br>De vos amis de coeur, ou, si vous l&rsquo;aimez mieux,<br>Vous murmurez tout seul, croyant presque vous taire,\u00a0<br>Dans le fond d&rsquo;une cave \u00e0 trente pieds sous terre,<br>Un mot d\u00e9sagr\u00e9able \u00e0 quelque individu ;<br>Ce mot que vous croyez que l&rsquo;on n&rsquo;a pas entendu,<br>Que vous disiez si bas dans un lieu sourd et sombre,<br>Court \u00e0 peine l\u00e2ch\u00e9, part, bondit, sort de l&rsquo;ombre !<br>Tenez, il est dehors ! Il conna\u00eet son chemin.<br>Il marche, il a deux pieds, un b\u00e2ton \u00e0 la main,<br>De bons souliers ferr\u00e9s, un passeport en r\u00e8gle ;<br>\u2014\u00a0Au besoin, il prendrait des ailes, comme l&rsquo;aigle !\u00a0\u2014<br>Il vous \u00e9chappe, il fuit, rien ne l&rsquo;arr\u00eatera.<br>Il suit le quai, franchit la place, et caetera,<br>Passe l&rsquo;eau sans bateau dans la saison des crues,<br>Et va, tout \u00e0 travers un d\u00e9dale de rues,<br>Droit chez l&rsquo;individu dont vous avez parl\u00e9.<br>Il sait le num\u00e9ro, l&rsquo;\u00e9tage ; il a la cl\u00e9,<br>Il monte l&rsquo;escalier, ouvre la porte, passe,\u00a0<br>Entre, arrive, et, railleur, regardant l&rsquo;homme en face,\u00a0<br>Dit :\u00a0\u2014\u00a0Me voil\u00e0 ! je sors de la bouche d&rsquo;un tel.\u00a0\u2014<br><br>Et c&rsquo;est fait. Vous avez un ennemi mortel.<\/p><cite>Victor hugo &#8211; Toute\u00a0la\u00a0Lyre &#8211; 1888<\/cite><\/blockquote><\/figure>\n\n\n\n<h2 class=\"wp-block-heading\"><a href=\"https:\/\/aux-4-coins-des-mots.fr\/index.php\/evenements\/\" data-type=\"page\" data-id=\"1585\" target=\"_blank\" rel=\"noreferrer noopener\">EVENEMENTS<\/a><\/h2>\n\n\n\n<details class=\"wp-block-details is-layout-flow wp-block-details-is-layout-flow\"><summary><strong>Les EVENEMENTS rassemblent toutes les activit\u00e9s organis\u00e9es par l&rsquo;association&#8230;(lire +)<\/strong><\/summary>\n<p>Vous trouverez ici toutes les derni\u00e8res actualit\u00e9s hormis le Cycle des Rencontres-D\u00e9bats. Rencontres avec le public, rencontres partenariales, rencontres avec les \u00e9lus, les financeurs, nos dates cl\u00e9s (Assembl\u00e9e g\u00e9n\u00e9rales,&#8230;) et notre Agenda.<\/p>\n<\/details>\n\n\n\n<h2 class=\"wp-block-heading\"><a href=\"https:\/\/aux-4-coins-des-mots.fr\/index.php\/cycle-des-rencontres-debats\/\" data-type=\"page\" data-id=\"1901\" target=\"_blank\" rel=\"noreferrer noopener\">CYCLE DES RENCONTRES DEBATS<\/a><\/h2>\n\n\n\n<details class=\"wp-block-details is-layout-flow wp-block-details-is-layout-flow\"><summary><strong>Le cycle des RENCONTRES-DEBATS<\/strong> <strong>est une occasion de sensibiliser le grand public aux enjeux li\u00e9s \u00e0 l&rsquo;objet de l&rsquo;association&#8230;(lire +)<\/strong><\/summary>\n<p>Invitation d&rsquo;experts dans leur domaine, organisation de tables rondes, proposition d&rsquo;ateliers d\u00e9di\u00e9s, animation des discussions&#8230;<\/p>\n\n\n\n<p><\/p>\n<\/details>\n\n\n\n<h2 class=\"wp-block-heading\"><a href=\"https:\/\/aux-4-coins-des-mots.fr\/index.php\/la-musique-de-linconscient\/\" data-type=\"page\" data-id=\"1909\" target=\"_blank\" rel=\"noreferrer noopener\">LA MUSIQUE DE L&rsquo;INCONSCIENT<\/a><\/h2>\n\n\n\n<details class=\"wp-block-details is-layout-flow wp-block-details-is-layout-flow\"><summary><strong><em>La musique de l\u2019inconscient&#8230;(lire +)<\/em><\/strong><\/summary>\n<p>Nous vous proposons de d\u00e9couvrir de courtes vid\u00e9os sur quelques concepts cl\u00e9s de la psychanalyse lacanienne rassembl\u00e9es autour de \u00ab\u00a0<strong><em>La musique de l\u2019inconscient<\/em><\/strong>\u00a0\u00bb&nbsp;. La notion de \u00ab\u00a0musique de l\u2019inconscient\u00a0\u00bb est une m\u00e9taphore puissante qui illustre comment le&nbsp;<strong>langage<\/strong>, dans sa dimension inconsciente, fonctionne de mani\u00e8re&nbsp;<strong>rythmique&nbsp;<\/strong>et&nbsp;<strong>structurelle<\/strong>, proche de celle de la&nbsp;<strong>musique<\/strong>.<\/p>\n<\/details>\n\n\n\n<h2 class=\"wp-block-heading\"><a href=\"https:\/\/aux-4-coins-des-mots.fr\/index.php\/philosophie\/\" data-type=\"page\" data-id=\"2067\">PHILOSOPHIE<\/a><\/h2>\n\n\n\n<details class=\"wp-block-details is-layout-flow wp-block-details-is-layout-flow\"><summary><strong><em>La philosophie s&rsquo;int\u00e9resse aussi \u00e0&#8230;(lire +)<\/em><\/strong><\/summary>\n<p>La philosophie s&rsquo;int\u00e9resse aussi l\u00e0 d&rsquo;o\u00f9 \u00ab\u00a0\u00c7a parle\u00a0\u00bb <em>dans <\/em>et <em>par <\/em>l\u2019homme. Or, pour le philosophe, \u00ab\u00a0le sens n\u2019est jamais principe ou origine, il est produit,\u00a0\u00bb nous dit Deleuze. Or, le philosophe rajoutera que \u00ab\u00a0<em>nous ne cherchons pas en Freud un explorateur de la profondeur humaine et du sens originaire, mais le prodigieux d\u00e9couvreur de la machinerie de l\u2019inconscient par lequel le sens est produit, toujours produit en fonction du non-sens<\/em>.\u00a0\u00bb\u202f(Gilles DELEUZE,&nbsp;<em>Logique du sens<\/em>, Paris, \u00c9d. de Minuit, 1969, p.&nbsp;90). <\/p>\n\n\n\n<p>Entre Sens et Non-Sens \u00e9merge la question. Cette question qui convoque le signifiant pour tenter d&rsquo;y r\u00e9pondre convoque aussi le philosophe. \u00ab\u00a0<em>Cette passion du signifiant devient une dimension nouvelle de la condition humaine en tant que ce n\u2019est pas seulement l\u2019homme qui parle, mais que dans l\u2019homme et par l\u2019homme \u00e7a parle<\/em>,\u00a0\u00bb nous enseigne Lacan dans ses \u00c9crits (Jacques LACAN, \u00c9crits, Paris, \u00c9d. du Seuil, 1966, p. 689). C&rsquo;est donc ici que se convoquent Philosophie et Psychanalyse, jusqu&rsquo;\u00e0 tenter d&rsquo;atteindre le hors-sens au-del\u00e0 du sens et du non-sens. A nous, donc, de les laisser dialoguer \u00e0 ce propos dans cette section. <\/p>\n\n\n\n<p><\/p>\n<\/details>\n\n\n\n<h2 class=\"wp-block-heading\">TEXTES &amp; PRODUCTIONS<\/h2>\n\n\n\n<details class=\"wp-block-details is-layout-flow wp-block-details-is-layout-flow\"><summary><strong>Les TEXTES &amp; PRODUCTIONS rassemblent un espace de cr\u00e9ation<strong>&#8230;(lire +)<\/strong><\/strong><\/summary>\n<p>En cliquant sur chaque Nom ci-dessous, vous y trouverez une pr\u00e9sentation de chacun d&rsquo;eux. Chaque page est entretenue par son auteur et susceptible de modifications r\u00e9guli\u00e8res. Bonne lecture !<\/p>\n<\/details>\n\n\n\n<p><\/p>\n\n\n\n<ul class=\"wp-block-list\">\n<li><a href=\"https:\/\/aux-4-coins-des-mots.fr\/index.php\/aline-esquerre\/\" data-type=\"page\" data-id=\"704\" target=\"_blank\" rel=\"noreferrer noopener\">Aline ESQUERRE, Psychoth\u00e9rapeute, psychanalyste<\/a><\/li>\n\n\n\n<li><a href=\"https:\/\/aux-4-coins-des-mots.fr\/index.php\/sebastien-janicki\/\" data-type=\"page\" data-id=\"678\" target=\"_blank\" rel=\"noreferrer noopener\">Dr. S\u00e9bastien JANICKI, Philosophe, Chercheur ind\u00e9pendant en SHS<\/a><\/li>\n\n\n\n<li><a href=\"https:\/\/aux-4-coins-des-mots.fr\/index.php\/jerome-ruiz\/\" data-type=\"page\" data-id=\"786\" target=\"_blank\" rel=\"noreferrer noopener\">J\u00e9r\u00f4me RUIZ, Psychologue clinicien, psychanalyste<\/a><\/li>\n\n\n\n<li><a href=\"https:\/\/aux-4-coins-des-mots.fr\/index.php\/jean-marie-tassel-2\/\" data-type=\"link\" data-id=\"https:\/\/aux-4-coins-des-mots.fr\/index.php\/jean-marie-tassel-2\/\" target=\"_blank\" rel=\"noreferrer noopener\">Jean Marie TASSEL, Psychoth\u00e9rapeute, psychanalyste<\/a><\/li>\n\n\n\n<li><a href=\"https:\/\/aux-4-coins-des-mots.fr\/index.php\/nadine-etienne\/\" data-type=\"page\" data-id=\"1914\">Nadine ETIENNE, Sociologue<\/a><\/li>\n<\/ul>\n\n\n\n<p class=\"has-text-align-right has-small-font-size\"><a href=\"https:\/\/www.legifrance.gouv.fr\/jorf\/article_jo\/JORFARTI000042738064\" data-type=\"link\" data-id=\"https:\/\/www.legifrance.gouv.fr\/jorf\/article_jo\/JORFARTI000042738064\" target=\"_blank\" rel=\"noreferrer noopener\"><br><\/a><\/p>\n<div class=\"pvc_clear\"><\/div><p id=\"pvc_stats_1573\" class=\"pvc_stats all  \" data-element-id=\"1573\" style=\"\"><i class=\"pvc-stats-icon medium\" aria-hidden=\"true\"><svg aria-hidden=\"true\" focusable=\"false\" data-prefix=\"far\" data-icon=\"chart-bar\" role=\"img\" xmlns=\"http:\/\/www.w3.org\/2000\/svg\" viewBox=\"0 0 512 512\" class=\"svg-inline--fa fa-chart-bar fa-w-16 fa-2x\"><path fill=\"currentColor\" d=\"M396.8 352h22.4c6.4 0 12.8-6.4 12.8-12.8V108.8c0-6.4-6.4-12.8-12.8-12.8h-22.4c-6.4 0-12.8 6.4-12.8 12.8v230.4c0 6.4 6.4 12.8 12.8 12.8zm-192 0h22.4c6.4 0 12.8-6.4 12.8-12.8V140.8c0-6.4-6.4-12.8-12.8-12.8h-22.4c-6.4 0-12.8 6.4-12.8 12.8v198.4c0 6.4 6.4 12.8 12.8 12.8zm96 0h22.4c6.4 0 12.8-6.4 12.8-12.8V204.8c0-6.4-6.4-12.8-12.8-12.8h-22.4c-6.4 0-12.8 6.4-12.8 12.8v134.4c0 6.4 6.4 12.8 12.8 12.8zM496 400H48V80c0-8.84-7.16-16-16-16H16C7.16 64 0 71.16 0 80v336c0 17.67 14.33 32 32 32h464c8.84 0 16-7.16 16-16v-16c0-8.84-7.16-16-16-16zm-387.2-48h22.4c6.4 0 12.8-6.4 12.8-12.8v-70.4c0-6.4-6.4-12.8-12.8-12.8h-22.4c-6.4 0-12.8 6.4-12.8 12.8v70.4c0 6.4 6.4 12.8 12.8 12.8z\" class=\"\"><\/path><\/svg><\/i> <img loading=\"lazy\" decoding=\"async\" width=\"16\" height=\"16\" alt=\"Loading\" src=\"https:\/\/aux-4-coins-des-mots.fr\/wp-content\/plugins\/page-views-count\/ajax-loader-2x.gif\" border=0 \/><\/p><div class=\"pvc_clear\"><\/div>","protected":false},"excerpt":{"rendered":"<p>Mettons nous au travail ! \u00ab\u00a0H\u00e2tez-vous lentement, et, sans perdre courage,Vingt fois&nbsp;sur le m\u00e9tier remettez&nbsp;votre ouvrage&nbsp;:Polissez-le sans cesse et le repolissez.\u00a0\u00bb Nicolas Boileau,&nbsp;L&rsquo;Art po\u00e9tique, 1674 \u00ab&nbsp;L\u2019enseignement de la psychanalyse ne peut se transmettre d\u2019un sujet \u00e0 l\u2019autre que par les voies d\u2019un transfert de travail \u00bb nous transmet Lacan.* *Lacan J., \u00ab&nbsp;Acte de fondation&nbsp;\u00bb,&nbsp;Autres \u00e9crits, [&hellip;]<\/p>\n<div class=\"pvc_clear\"><\/div>\n<p id=\"pvc_stats_1573\" class=\"pvc_stats all  \" data-element-id=\"1573\" style=\"\"><i class=\"pvc-stats-icon medium\" aria-hidden=\"true\"><svg aria-hidden=\"true\" focusable=\"false\" data-prefix=\"far\" data-icon=\"chart-bar\" role=\"img\" xmlns=\"http:\/\/www.w3.org\/2000\/svg\" viewBox=\"0 0 512 512\" class=\"svg-inline--fa fa-chart-bar fa-w-16 fa-2x\"><path fill=\"currentColor\" d=\"M396.8 352h22.4c6.4 0 12.8-6.4 12.8-12.8V108.8c0-6.4-6.4-12.8-12.8-12.8h-22.4c-6.4 0-12.8 6.4-12.8 12.8v230.4c0 6.4 6.4 12.8 12.8 12.8zm-192 0h22.4c6.4 0 12.8-6.4 12.8-12.8V140.8c0-6.4-6.4-12.8-12.8-12.8h-22.4c-6.4 0-12.8 6.4-12.8 12.8v198.4c0 6.4 6.4 12.8 12.8 12.8zm96 0h22.4c6.4 0 12.8-6.4 12.8-12.8V204.8c0-6.4-6.4-12.8-12.8-12.8h-22.4c-6.4 0-12.8 6.4-12.8 12.8v134.4c0 6.4 6.4 12.8 12.8 12.8zM496 400H48V80c0-8.84-7.16-16-16-16H16C7.16 64 0 71.16 0 80v336c0 17.67 14.33 32 32 32h464c8.84 0 16-7.16 16-16v-16c0-8.84-7.16-16-16-16zm-387.2-48h22.4c6.4 0 12.8-6.4 12.8-12.8v-70.4c0-6.4-6.4-12.8-12.8-12.8h-22.4c-6.4 0-12.8 6.4-12.8 12.8v70.4c0 6.4 6.4 12.8 12.8 12.8z\" class=\"\"><\/path><\/svg><\/i> <img loading=\"lazy\" decoding=\"async\" width=\"16\" height=\"16\" alt=\"Loading\" src=\"https:\/\/aux-4-coins-des-mots.fr\/wp-content\/plugins\/page-views-count\/ajax-loader-2x.gif\" border=0 \/><\/p>\n<div class=\"pvc_clear\"><\/div>\n","protected":false},"author":1,"featured_media":0,"parent":0,"menu_order":0,"comment_status":"closed","ping_status":"closed","template":"","meta":{"iawp_total_views":20,"footnotes":""},"class_list":["post-1573","page","type-page","status-publish","hentry"],"a3_pvc":{"activated":true,"total_views":172,"today_views":0},"jetpack_sharing_enabled":true,"_links":{"self":[{"href":"https:\/\/aux-4-coins-des-mots.fr\/index.php\/wp-json\/wp\/v2\/pages\/1573","targetHints":{"allow":["GET"]}}],"collection":[{"href":"https:\/\/aux-4-coins-des-mots.fr\/index.php\/wp-json\/wp\/v2\/pages"}],"about":[{"href":"https:\/\/aux-4-coins-des-mots.fr\/index.php\/wp-json\/wp\/v2\/types\/page"}],"author":[{"embeddable":true,"href":"https:\/\/aux-4-coins-des-mots.fr\/index.php\/wp-json\/wp\/v2\/users\/1"}],"replies":[{"embeddable":true,"href":"https:\/\/aux-4-coins-des-mots.fr\/index.php\/wp-json\/wp\/v2\/comments?post=1573"}],"version-history":[{"count":54,"href":"https:\/\/aux-4-coins-des-mots.fr\/index.php\/wp-json\/wp\/v2\/pages\/1573\/revisions"}],"predecessor-version":[{"id":3459,"href":"https:\/\/aux-4-coins-des-mots.fr\/index.php\/wp-json\/wp\/v2\/pages\/1573\/revisions\/3459"}],"wp:attachment":[{"href":"https:\/\/aux-4-coins-des-mots.fr\/index.php\/wp-json\/wp\/v2\/media?parent=1573"}],"curies":[{"name":"wp","href":"https:\/\/api.w.org\/{rel}","templated":true}]}}